{"id":19338,"date":"2026-09-06T15:03:27","date_gmt":"2026-09-06T14:03:27","guid":{"rendered":"https:\/\/europeanobsndfr.org\/?page_id=19338"},"modified":"2026-09-06T15:15:27","modified_gmt":"2026-09-06T14:15:27","slug":"reconnaissance-parentalite-etats-membres-ue","status":"publish","type":"page","link":"https:\/\/europeanobsndfr.org\/en\/reconnaissance-parentalite-etats-membres-ue\/","title":{"rendered":"Position de l&rsquo;OENDDF sur la reconnaissance de la parentalit\u00e9 entre \u00c9tats membres"},"content":{"rendered":"<h2>Position de l&rsquo;OENDDF sur la reconnaissance de la parentalit\u00e9 entre les \u00c9tats membres de l&rsquo;Union europ\u00e9enne<\/h2>\n<p><em>\u2014 Christine Monty, pr\u00e9sidente de l&rsquo;OENDDF<\/em><\/p>\n<p>L&rsquo;Observatoire Europ\u00e9en de la Non-Discrimination et des Droits Fondamentaux (OENDDF) exprime de graves inqui\u00e9tudes concernant les lignes directrices pr\u00e9liminaires publi\u00e9es par la Commission europ\u00e9enne visant \u00e0 r\u00e9glementer la reconnaissance de la parentalit\u00e9 transfrontali\u00e8re entre les \u00c9tats membres.<\/p>\n<h3>Un lien indirect avec la Gestation pour Autrui<\/h3>\n<p>La question de la reconnaissance de la parentalit\u00e9 entre les \u00c9tats membres soul\u00e8ve de mani\u00e8re indirecte celle de la reconnaissance des liens de filiation des enfants con\u00e7us dans le cadre de contrats d&rsquo;interm\u00e9diation transfrontaliers par Gestation pour Autrui (GPA), puisque nombre des enfants confront\u00e9s \u00e0 des difficult\u00e9s de transcription de filiation sont n\u00e9s de ces contrats. L&rsquo;OENDDF rappelle que l&rsquo;int\u00e9r\u00eat sup\u00e9rieur des enfants con\u00e7us par GPA est viol\u00e9 d\u00e8s l&rsquo;intention de leur conception, cette pratique reposant sur un contrat commercial contre r\u00e9mun\u00e9ration&nbsp;: il s&rsquo;agit selon l&rsquo;Observatoire d&rsquo;une forme d&rsquo;esclavage et de traite des \u00eatres humains \u00e0 combattre, notamment par la mise en place d&rsquo;un trait\u00e9 d&rsquo;abolition internationale.<\/p>\n<h3>Une incitation \u00e0 contourner le droit des \u00c9tats membres<\/h3>\n<p>Les citoyens europ\u00e9ens confront\u00e9s \u00e0 des difficult\u00e9s de transcription de filiation \u2014 notamment li\u00e9es \u00e0 la GPA \u2014 se trouvent parfois en situation de d\u00e9sob\u00e9issance vis-\u00e0-vis des lois de leur propre pays. L&rsquo;adoption par l&rsquo;Union europ\u00e9enne de r\u00e8gles communes de reconnaissance de la parentalit\u00e9 risquerait, selon l&rsquo;OENDDF, de constituer une incitation \u00e0 contourner ces lois nationales, en offrant un cadre juridique europ\u00e9en pour en r\u00e9soudre les cons\u00e9quences. L&rsquo;Observatoire y voit une atteinte au principe de subsidiarit\u00e9 des \u00c9tats membres.<\/p>\n<h3>Une comp\u00e9tence relevant des \u00c9tats membres<\/h3>\n<p>Le trait\u00e9 sur le fonctionnement de l&rsquo;Union europ\u00e9enne r\u00e9serve les politiques familiales \u00e0 la comp\u00e9tence des \u00c9tats membres. Il appartient \u00e0 chaque \u00c9tat de d\u00e9finir juridiquement le mariage et la filiation&nbsp;; la diversit\u00e9 des lois dans ce domaine refl\u00e8te des diff\u00e9rences sociales, culturelles et politiques que l&rsquo;OENDDF appelle \u00e0 respecter.<\/p>\n<h3>Nos recommandations<\/h3>\n<p>L&rsquo;OENDDF appelle la Commission europ\u00e9enne \u00e0&nbsp;:<\/p>\n<ul>\n<li>soutenir un projet de convention internationale visant \u00e0 abolir la Gestation pour Autrui, pratique que l&rsquo;Observatoire consid\u00e8re comme une forme de traite des \u00eatres humains&nbsp;;<\/li>\n<li>renforcer le principe de subsidiarit\u00e9 des \u00c9tats membres, pour garantir l&rsquo;adh\u00e9sion des citoyens au projet europ\u00e9en&nbsp;;<\/li>\n<li>respecter les comp\u00e9tences pr\u00e9vues par le trait\u00e9 sur le fonctionnement de l&rsquo;Union europ\u00e9enne, notamment en mati\u00e8re de filiation.<\/li>\n<\/ul>\n<p>L&rsquo;Observatoire invite la Commission europ\u00e9enne \u00e0 retirer ce projet de r\u00e9glementation.<\/p>\n<h3>&#x1f4c4; <a href=\"https:\/\/europeanobsndfr.org\/wp-content\/uploads\/2026\/09\/oenddf-position-reconnaissance-parentalite-etats-membres-ue.pdf\">T\u00e9l\u00e9charger la position compl\u00e8te (PDF)<\/a><\/h3>\n\n<h3 class=\"wp-block-heading\">Questions fr\u00e9quentes<\/h3>\n\n\n\n<div class=\"wp-block-aioseo-faq\" data-schema-only=\"false\" style=\"margin-bottom:1.75em;\"><h3 class=\"aioseo-faq-block-question\" style=\"margin-bottom:0.5em;\">Pourquoi l&rsquo;OENDDF s&rsquo;oppose-t-elle au projet de reconnaissance de la parentalit\u00e9 entre \u00c9tats membres ?<\/h3><div class=\"aioseo-faq-block-answer\" style=\"margin-top:0.25em;\">\n<p class=\"wp-block-paragraph\">Parce que ce projet risque, selon l&rsquo;OENDDF, de soutenir indirectement la Gestation pour Autrui (GPA) \u2014 une pratique que l&rsquo;Observatoire consid\u00e8re comme une forme d&rsquo;esclavage moderne et de traite des \u00eatres humains \u2014 en offrant un cadre juridique europ\u00e9en aux cons\u00e9quences de contrats de GPA conclus \u00e0 l&rsquo;\u00e9tranger.<\/p>\n<\/div><\/div>\n\n\n\n<div class=\"wp-block-aioseo-faq\" data-schema-only=\"false\" style=\"margin-bottom:1.75em;\"><h3 class=\"aioseo-faq-block-question\" style=\"margin-bottom:0.5em;\">Quel est le lien entre cette r\u00e9glementation et la Gestation pour Autrui (GPA) ?<\/h3><div class=\"aioseo-faq-block-answer\" style=\"margin-top:0.25em;\">\n<p class=\"wp-block-paragraph\">De nombreux enfants confront\u00e9s \u00e0 des difficult\u00e9s de reconnaissance de leur filiation d&rsquo;un \u00c9tat \u00e0 l&rsquo;autre sont n\u00e9s de contrats de GPA transfrontaliers. Harmoniser la reconnaissance de la parentalit\u00e9 entre \u00c9tats membres risquerait, selon l&rsquo;OENDDF, de rendre la GPA \u00ab socialement \u00bb accept\u00e9e et de favoriser son d\u00e9veloppement, au lieu d&rsquo;\u0153uvrer pour son interdiction totale.<\/p>\n<\/div><\/div>\n\n\n\n<div class=\"wp-block-aioseo-faq\" data-schema-only=\"false\" style=\"margin-bottom:1.75em;\"><h3 class=\"aioseo-faq-block-question\" style=\"margin-bottom:0.5em;\">Que recommande l&rsquo;OENDDF \u00e0 la Commission europ\u00e9enne ?<\/h3><div class=\"aioseo-faq-block-answer\" style=\"margin-top:0.25em;\">\n<p class=\"wp-block-paragraph\">L&rsquo;OENDDF recommande de soutenir une convention internationale d&rsquo;abolition de la GPA, de renforcer le principe de subsidiarit\u00e9 des \u00c9tats membres, et de respecter les comp\u00e9tences des \u00c9tats en mati\u00e8re de filiation pr\u00e9vues par le trait\u00e9 sur le fonctionnement de l&rsquo;Union europ\u00e9enne. L&rsquo;Observatoire invite la Commission \u00e0 retirer son projet de r\u00e9glementation.<\/p>\n<\/div><\/div>\n\n\n<p><span style=\"font-size: 10pt;\"><em>Position soumise par l&rsquo;Observatoire Europ\u00e9en de la Non-Discrimination et des Droits Fondamentaux (OENDDF) concernant le projet de r\u00e9glementation de la Commission europ\u00e9enne portant sur la reconnaissance de la parentalit\u00e9 entre les \u00c9tats membres.<\/em><\/span><\/p>\n<p><span style=\"font-size: 10pt;\"><em><a href=\"https:\/\/europeanobsndfr.org\/en\/oenddf-position-recognition-parenthood-eu-member-states\/\">Read the English version<\/a>.<\/em><\/span><\/p>\n<p><span style=\"font-size: 10pt;\"><em>Toute reproduction partielle ou totale doit mentionner la source&nbsp;: OENDDF.<\/em><\/span><\/p>","protected":false},"excerpt":{"rendered":"<p>Position de l&rsquo;OENDDF sur la reconnaissance de la parentalit\u00e9 entre les \u00c9tats membres de l&rsquo;Union europ\u00e9enne \u2014 Christine Monty, pr\u00e9sidente de l&rsquo;OENDDF L&rsquo;Observatoire Europ\u00e9en de la Non-Discrimination et des Droits Fondamentaux (OENDDF) exprime de graves inqui\u00e9tudes concernant les lignes directrices pr\u00e9liminaires publi\u00e9es par la Commission europ\u00e9enne visant \u00e0 r\u00e9glementer la reconnaissance de la parentalit\u00e9 transfrontali\u00e8re&#8230;<\/p>","protected":false},"author":1,"featured_media":19342,"parent":0,"menu_order":0,"comment_status":"closed","ping_status":"closed","template":"","meta":{"give_campaign_id":0,"_kadence_starter_templates_imported_post":false,"_kad_post_transparent":"","_kad_post_title":"","_kad_post_layout":"","_kad_post_sidebar_id":"","_kad_post_content_style":"","_kad_post_vertical_padding":"","_kad_post_feature":"","_kad_post_feature_position":"","_kad_post_header":false,"_kad_post_footer":false,"_kad_post_classname":"","footnotes":""},"class_list":["post-19338","page","type-page","status-publish","has-post-thumbnail","hentry"],"aioseo_notices":[],"aioseo_head":"\n\t\t<!-- All in One SEO 5.0.1.1 - aioseo.com -->\n\t<meta name=\"description\" content=\"L&#039;OENDDF s&#039;oppose au projet de la Commission europ\u00e9enne sur la reconnaissance de la parentalit\u00e9, qui risquerait de l\u00e9gitimer indirectement la Gestation pour Autrui.\" \/>\n\t<meta name=\"robots\" content=\"max-snippet:-1, max-image-preview:large, max-video-preview:-1\" \/>\n\t<meta name=\"google-site-verification\" content=\"KZsAbCyd-Ww06m2-MlFPa7EphgzWqs90ra8o0LfM_K8\" \/>\n\t<link rel=\"canonical\" href=\"https:\/\/europeanobsndfr.org\/en\/reconnaissance-parentalite-etats-membres-ue\/\" \/>\n\t<meta name=\"generator\" content=\"All in One SEO (AIOSEO) 5.0.1.1\" \/>\n\t\t<meta property=\"og:locale\" content=\"en_GB\" \/>\n\t\t<meta property=\"og:site_name\" content=\"Observatoire Europ\u00e9en de la Non-Discrimination et des Droits Fondamentaux\" \/>\n\t\t<meta property=\"og:type\" content=\"non_profit\" \/>\n\t\t<meta property=\"og:title\" content=\"Reconnaissance de la parentalit\u00e9 entre \u00c9tats membres | OENDDF\" \/>\n\t\t<meta property=\"og:description\" content=\"L&#039;OENDDF s&#039;oppose au projet de la Commission europ\u00e9enne sur la reconnaissance de la parentalit\u00e9, qui risquerait de l\u00e9gitimer indirectement la Gestation pour Autrui.\" \/>\n\t\t<meta property=\"og:url\" content=\"https:\/\/europeanobsndfr.org\/en\/reconnaissance-parentalite-etats-membres-ue\/\" \/>\n\t\t<meta property=\"og:image\" content=\"https:\/\/europeanobsndfr.org\/wp-content\/uploads\/2016\/11\/logo-oenddf.jpg\" \/>\n\t\t<meta property=\"og:image:secure_url\" content=\"https:\/\/europeanobsndfr.org\/wp-content\/uploads\/2016\/11\/logo-oenddf.jpg\" \/>\n\t\t<meta property=\"og:image:width\" content=\"830\" \/>\n\t\t<meta property=\"og:image:height\" content=\"600\" \/>\n\t\t<meta name=\"twitter:card\" content=\"summary\" \/>\n\t\t<meta name=\"twitter:site\" content=\"@europeanobs\" \/>\n\t\t<meta name=\"twitter:title\" content=\"Reconnaissance de la parentalit\u00e9 entre \u00c9tats membres | OENDDF\" \/>\n\t\t<meta name=\"twitter:description\" content=\"L&#039;OENDDF s&#039;oppose au projet de la Commission europ\u00e9enne sur la reconnaissance de la parentalit\u00e9, qui risquerait de l\u00e9gitimer indirectement la Gestation pour Autrui.\" \/>\n\t\t<meta name=\"twitter:creator\" content=\"@europeanobs\" \/>\n\t\t<meta name=\"twitter:image\" content=\"https:\/\/europeanobsndfr.org\/wp-content\/uploads\/2016\/11\/logo-oenddf.jpg\" \/>\n\t\t<script type=\"application\/ld+json\" class=\"aioseo-schema\">\n\t\t\t{\"@context\":\"https:\\\/\\\/schema.org\",\"@graph\":[{\"@type\":\"BreadcrumbList\",\"@id\":\"https:\\\/\\\/europeanobsndfr.org\\\/en\\\/reconnaissance-parentalite-etats-membres-ue\\\/#breadcrumblist\",\"itemListElement\":[{\"@type\":\"ListItem\",\"@id\":\"https:\\\/\\\/europeanobsndfr.org\\\/en#listItem\",\"position\":1,\"name\":\"Accueil\",\"item\":\"https:\\\/\\\/europeanobsndfr.org\\\/en\",\"nextItem\":{\"@type\":\"ListItem\",\"@id\":\"https:\\\/\\\/europeanobsndfr.org\\\/en\\\/reconnaissance-parentalite-etats-membres-ue\\\/#listItem\",\"name\":\"Position de l&rsquo;OENDDF sur la reconnaissance de la parentalit\\u00e9 entre \\u00c9tats membres\"}},{\"@type\":\"ListItem\",\"@id\":\"https:\\\/\\\/europeanobsndfr.org\\\/en\\\/reconnaissance-parentalite-etats-membres-ue\\\/#listItem\",\"position\":2,\"name\":\"Position de l&rsquo;OENDDF sur la reconnaissance de la parentalit\\u00e9 entre \\u00c9tats membres\",\"previousItem\":{\"@type\":\"ListItem\",\"@id\":\"https:\\\/\\\/europeanobsndfr.org\\\/en#listItem\",\"name\":\"Accueil\"}}]},{\"@type\":\"Organization\",\"@id\":\"https:\\\/\\\/europeanobsndfr.org\\\/en\\\/#organization\",\"name\":\"OENDDF\",\"description\":\"Organisation Internationale Non-Gouvernementale\",\"url\":\"https:\\\/\\\/europeanobsndfr.org\\\/en\\\/\",\"logo\":{\"@type\":\"ImageObject\",\"url\":\"https:\\\/\\\/europeanobsndfr.org\\\/wp-content\\\/uploads\\\/2016\\\/11\\\/cropped-logo-oenddf.jpg\",\"@id\":\"https:\\\/\\\/europeanobsndfr.org\\\/en\\\/reconnaissance-parentalite-etats-membres-ue\\\/#organizationLogo\",\"width\":701,\"height\":600,\"caption\":\"Logo OENDDF\"},\"image\":{\"@id\":\"https:\\\/\\\/europeanobsndfr.org\\\/en\\\/reconnaissance-parentalite-etats-membres-ue\\\/#organizationLogo\"},\"sameAs\":[\"https:\\\/\\\/twitter.com\\\/europeanobs\",\"https:\\\/\\\/www.instagram.com\\\/oenddf_ngo\\\/\",\"https:\\\/\\\/www.youtube.com\\\/channel\\\/UCO9vz5fybFw1Q8pvN00CDgA\"]},{\"@type\":\"WebPage\",\"@id\":\"https:\\\/\\\/europeanobsndfr.org\\\/en\\\/reconnaissance-parentalite-etats-membres-ue\\\/#webpage\",\"url\":\"https:\\\/\\\/europeanobsndfr.org\\\/en\\\/reconnaissance-parentalite-etats-membres-ue\\\/\",\"name\":\"Reconnaissance de la parentalit\\u00e9 entre \\u00c9tats membres | OENDDF\",\"description\":\"L'OENDDF s'oppose au projet de la Commission europ\\u00e9enne sur la reconnaissance de la parentalit\\u00e9, qui risquerait de l\\u00e9gitimer indirectement la Gestation pour Autrui.\",\"inLanguage\":\"en-GB\",\"isPartOf\":{\"@id\":\"https:\\\/\\\/europeanobsndfr.org\\\/en\\\/#website\"},\"breadcrumb\":{\"@id\":\"https:\\\/\\\/europeanobsndfr.org\\\/en\\\/reconnaissance-parentalite-etats-membres-ue\\\/#breadcrumblist\"},\"image\":{\"@type\":\"ImageObject\",\"url\":\"https:\\\/\\\/europeanobsndfr.org\\\/wp-content\\\/uploads\\\/2026\\\/09\\\/vignette-parentalite-fr.jpg\",\"@id\":\"https:\\\/\\\/europeanobsndfr.org\\\/en\\\/reconnaissance-parentalite-etats-membres-ue\\\/#mainImage\",\"width\":260,\"height\":367},\"primaryImageOfPage\":{\"@id\":\"https:\\\/\\\/europeanobsndfr.org\\\/en\\\/reconnaissance-parentalite-etats-membres-ue\\\/#mainImage\"},\"datePublished\":\"2026-09-06T15:03:27+01:00\",\"dateModified\":\"2026-09-06T15:15:27+01:00\"},{\"@type\":\"WebSite\",\"@id\":\"https:\\\/\\\/europeanobsndfr.org\\\/en\\\/#website\",\"url\":\"https:\\\/\\\/europeanobsndfr.org\\\/en\\\/\",\"name\":\"Observatoire Europ\\u00e9en de la Non-Discrimination et des Droits Fondamentaux\",\"description\":\"Organisation Internationale Non-Gouvernementale\",\"inLanguage\":\"en-GB\",\"publisher\":{\"@id\":\"https:\\\/\\\/europeanobsndfr.org\\\/en\\\/#organization\"}}]}\n\t\t<\/script>\n\t\t<!-- All in One SEO -->\n\n","aioseo_head_json":{"title":"Reconnaissance de la parentalit\u00e9 entre \u00c9tats membres | OENDDF","description":"L'OENDDF s'oppose au projet de la Commission europ\u00e9enne sur la reconnaissance de la parentalit\u00e9, qui risquerait de l\u00e9gitimer indirectement la Gestation pour Autrui.","canonical_url":"https:\/\/europeanobsndfr.org\/en\/reconnaissance-parentalite-etats-membres-ue\/","robots":"max-snippet:-1, max-image-preview:large, max-video-preview:-1","keywords":"","webmasterTools":{"google-site-verification":"KZsAbCyd-Ww06m2-MlFPa7EphgzWqs90ra8o0LfM_K8","miscellaneous":""},"schema":{"@context":"https:\/\/schema.org","@graph":[{"@type":"BreadcrumbList","@id":"https:\/\/europeanobsndfr.org\/en\/reconnaissance-parentalite-etats-membres-ue\/#breadcrumblist","itemListElement":[{"@type":"ListItem","@id":"https:\/\/europeanobsndfr.org\/en#listItem","position":1,"name":"Accueil","item":"https:\/\/europeanobsndfr.org\/en","nextItem":{"@type":"ListItem","@id":"https:\/\/europeanobsndfr.org\/en\/reconnaissance-parentalite-etats-membres-ue\/#listItem","name":"Position de l&rsquo;OENDDF sur la reconnaissance de la parentalit\u00e9 entre \u00c9tats membres"}},{"@type":"ListItem","@id":"https:\/\/europeanobsndfr.org\/en\/reconnaissance-parentalite-etats-membres-ue\/#listItem","position":2,"name":"Position de l&rsquo;OENDDF sur la reconnaissance de la parentalit\u00e9 entre \u00c9tats membres","previousItem":{"@type":"ListItem","@id":"https:\/\/europeanobsndfr.org\/en#listItem","name":"Accueil"}}]},{"@type":"Organization","@id":"https:\/\/europeanobsndfr.org\/en\/#organization","name":"OENDDF","description":"Organisation Internationale Non-Gouvernementale","url":"https:\/\/europeanobsndfr.org\/en\/","logo":{"@type":"ImageObject","url":"https:\/\/europeanobsndfr.org\/wp-content\/uploads\/2016\/11\/cropped-logo-oenddf.jpg","@id":"https:\/\/europeanobsndfr.org\/en\/reconnaissance-parentalite-etats-membres-ue\/#organizationLogo","width":701,"height":600,"caption":"Logo OENDDF"},"image":{"@id":"https:\/\/europeanobsndfr.org\/en\/reconnaissance-parentalite-etats-membres-ue\/#organizationLogo"},"sameAs":["https:\/\/twitter.com\/europeanobs","https:\/\/www.instagram.com\/oenddf_ngo\/","https:\/\/www.youtube.com\/channel\/UCO9vz5fybFw1Q8pvN00CDgA"]},{"@type":"WebPage","@id":"https:\/\/europeanobsndfr.org\/en\/reconnaissance-parentalite-etats-membres-ue\/#webpage","url":"https:\/\/europeanobsndfr.org\/en\/reconnaissance-parentalite-etats-membres-ue\/","name":"Reconnaissance de la parentalit\u00e9 entre \u00c9tats membres | OENDDF","description":"L'OENDDF s'oppose au projet de la Commission europ\u00e9enne sur la reconnaissance de la parentalit\u00e9, qui risquerait de l\u00e9gitimer indirectement la Gestation pour Autrui.","inLanguage":"en-GB","isPartOf":{"@id":"https:\/\/europeanobsndfr.org\/en\/#website"},"breadcrumb":{"@id":"https:\/\/europeanobsndfr.org\/en\/reconnaissance-parentalite-etats-membres-ue\/#breadcrumblist"},"image":{"@type":"ImageObject","url":"https:\/\/europeanobsndfr.org\/wp-content\/uploads\/2026\/09\/vignette-parentalite-fr.jpg","@id":"https:\/\/europeanobsndfr.org\/en\/reconnaissance-parentalite-etats-membres-ue\/#mainImage","width":260,"height":367},"primaryImageOfPage":{"@id":"https:\/\/europeanobsndfr.org\/en\/reconnaissance-parentalite-etats-membres-ue\/#mainImage"},"datePublished":"2026-09-06T15:03:27+01:00","dateModified":"2026-09-06T15:15:27+01:00"},{"@type":"WebSite","@id":"https:\/\/europeanobsndfr.org\/en\/#website","url":"https:\/\/europeanobsndfr.org\/en\/","name":"Observatoire Europ\u00e9en de la Non-Discrimination et des Droits Fondamentaux","description":"Organisation Internationale Non-Gouvernementale","inLanguage":"en-GB","publisher":{"@id":"https:\/\/europeanobsndfr.org\/en\/#organization"}}]},"og:locale":"en_GB","og:site_name":"Observatoire Europ\u00e9en de la Non-Discrimination et des Droits Fondamentaux","og:type":"non_profit","og:title":"Reconnaissance de la parentalit\u00e9 entre \u00c9tats membres | OENDDF","og:description":"L'OENDDF s'oppose au projet de la Commission europ\u00e9enne sur la reconnaissance de la parentalit\u00e9, qui risquerait de l\u00e9gitimer indirectement la Gestation pour Autrui.","og:url":"https:\/\/europeanobsndfr.org\/en\/reconnaissance-parentalite-etats-membres-ue\/","og:image":"https:\/\/europeanobsndfr.org\/wp-content\/uploads\/2016\/11\/logo-oenddf.jpg","og:image:secure_url":"https:\/\/europeanobsndfr.org\/wp-content\/uploads\/2016\/11\/logo-oenddf.jpg","og:image:width":830,"og:image:height":600,"twitter:card":"summary","twitter:site":"@europeanobs","twitter:title":"Reconnaissance de la parentalit\u00e9 entre \u00c9tats membres | OENDDF","twitter:description":"L'OENDDF s'oppose au projet de la Commission europ\u00e9enne sur la reconnaissance de la parentalit\u00e9, qui risquerait de l\u00e9gitimer indirectement la Gestation pour Autrui.","twitter:creator":"@europeanobs","twitter:image":"https:\/\/europeanobsndfr.org\/wp-content\/uploads\/2016\/11\/logo-oenddf.jpg"},"aioseo_meta_data":{"post_id":"19338","title":"Reconnaissance de la parentalit\u00e9 entre \u00c9tats membres | OENDDF","description":"L'OENDDF s'oppose au projet de la Commission europ\u00e9enne sur la reconnaissance de la parentalit\u00e9, qui risquerait de l\u00e9gitimer indirectement la Gestation pour Autrui.","keywords":null,"keyphrases":{"focus":{"keyphrase":"reconnaissance de la parentalit\u00e9","score":79},"additional":[]},"primary_term":null,"canonical_url":null,"og_title":null,"og_description":null,"og_object_type":"default","og_image_type":"default","og_image_url":null,"og_image_width":null,"og_image_height":null,"og_image_custom_url":null,"og_image_custom_fields":null,"og_video":"","og_custom_url":null,"og_article_section":null,"og_article_tags":null,"twitter_use_og":false,"twitter_card":"default","twitter_image_type":"default","twitter_image_url":null,"twitter_image_custom_url":null,"twitter_image_custom_fields":null,"twitter_title":null,"twitter_description":null,"schema":{"blockGraphs":[],"customGraphs":[],"default":{"data":{"Article":[],"Course":[],"Dataset":[],"FAQPage":[],"Movie":[],"Person":[],"Product":[],"ProductReview":[],"Car":[],"Recipe":[],"Service":[],"SoftwareApplication":[],"WebPage":[]},"graphName":"WebPage","isEnabled":true},"graphs":[]},"schema_type":"default","schema_type_options":null,"pillar_content":false,"robots_default":true,"robots_noindex":false,"robots_noarchive":false,"robots_nosnippet":false,"robots_nofollow":false,"robots_noimageindex":false,"robots_noodp":false,"robots_notranslate":false,"robots_max_snippet":null,"robots_max_videopreview":null,"robots_max_imagepreview":"large","priority":0,"frequency":"default","local_seo":null,"breadcrumb_settings":null,"limit_modified_date":false,"ai":null,"created":"2026-09-06 14:02:24","updated":"2026-09-06 14:53:32","focus_keyword":"reconnaissance de la parentalit\u00e9","additional_keywords":null,"truseo_locale":null,"seo_analyzer_scan_date":null},"campaignId":"","jetpack-related-posts":[],"jetpack_sharing_enabled":true,"_links":{"self":[{"href":"https:\/\/europeanobsndfr.org\/en\/wp-json\/wp\/v2\/pages\/19338","targetHints":{"allow":["GET"]}}],"collection":[{"href":"https:\/\/europeanobsndfr.org\/en\/wp-json\/wp\/v2\/pages"}],"about":[{"href":"https:\/\/europeanobsndfr.org\/en\/wp-json\/wp\/v2\/types\/page"}],"author":[{"embeddable":true,"href":"https:\/\/europeanobsndfr.org\/en\/wp-json\/wp\/v2\/users\/1"}],"replies":[{"embeddable":true,"href":"https:\/\/europeanobsndfr.org\/en\/wp-json\/wp\/v2\/comments?post=19338"}],"version-history":[{"count":1,"href":"https:\/\/europeanobsndfr.org\/en\/wp-json\/wp\/v2\/pages\/19338\/revisions"}],"predecessor-version":[{"id":19340,"href":"https:\/\/europeanobsndfr.org\/en\/wp-json\/wp\/v2\/pages\/19338\/revisions\/19340"}],"wp:featuredmedia":[{"embeddable":true,"href":"https:\/\/europeanobsndfr.org\/en\/wp-json\/wp\/v2\/media\/19342"}],"wp:attachment":[{"href":"https:\/\/europeanobsndfr.org\/en\/wp-json\/wp\/v2\/media?parent=19338"}],"curies":[{"name":"wp","href":"https:\/\/api.w.org\/{rel}","templated":true}]}}