{"id":19350,"date":"2026-09-06T18:10:48","date_gmt":"2026-09-06T17:10:48","guid":{"rendered":"https:\/\/europeanobsndfr.org\/oenddf-conseil-de-leurope\/"},"modified":"2026-09-06T18:46:59","modified_gmt":"2026-09-06T17:46:59","slug":"oenddf-conseil-de-leurope","status":"publish","type":"page","link":"https:\/\/europeanobsndfr.org\/en\/oenddf-conseil-de-leurope\/","title":{"rendered":"L&rsquo;OENDDF au Conseil de l&rsquo;Europe"},"content":{"rendered":"<h2 style=\"text-align: center;\"><strong>L&rsquo;OENDDF au Conseil de l&rsquo;Europe<\/strong><\/h2>\n<h3 style=\"text-align: center;\">Christine Monty, d\u00e9l\u00e9gu\u00e9e sp\u00e9ciale de l&rsquo;Observatoire, pr\u00e9sidente du Comit\u00e9 sur les questions de migration<\/h3>\n<p style=\"text-align: center;\"><em>Au sein de la Conf\u00e9rence des OING du Conseil de l&rsquo;Europe, l&rsquo;OENDDF porte la voix des droits fondamentaux au niveau europ\u00e9en \u2014 une mission qui repr\u00e9sente aujourd&rsquo;hui la majeure partie de l&rsquo;engagement de sa pr\u00e9sidente.<\/em><\/p>\n<p>Christine Monty, pr\u00e9sidente de l&rsquo;OENDDF, repr\u00e9sente l&rsquo;Observatoire en tant que d\u00e9l\u00e9gu\u00e9e sp\u00e9ciale aupr\u00e8s du Conseil de l&rsquo;Europe. Elle y pr\u00e9side le Comit\u00e9 sur les questions de migration (Committee on Migration Issues) de la Conf\u00e9rence des organisations internationales non gouvernementales (OING) \u2014 statut participatif qui permet \u00e0 l&rsquo;OENDDF de contribuer directement aux travaux du Conseil de l&rsquo;Europe sur les droits humains.<\/p>\n<h3>Un mandat large, qui porte notamment sur l&rsquo;h\u00e9bergement des migrants (2024-2027)<\/h3>\n<p>Le Comit\u00e9 poursuit les travaux du pr\u00e9c\u00e9dent comit\u00e9 \u00ab Droits des migrants \u00bb (2021-2024). Son mandat, approuv\u00e9 par l&rsquo;Assembl\u00e9e g\u00e9n\u00e9rale de la Conf\u00e9rence des OING le 10 avril 2024, porte notamment sur l&rsquo;h\u00e9bergement des personnes migrantes comme enjeu majeur pour le respect des droits humains \u2014 un angle transversal qui permet d&rsquo;aborder, \u00e0 travers la question du logement, des sujets aussi essentiels que l&rsquo;acc\u00e8s aux soins, le bien-\u00eatre psychologique, l&rsquo;acc\u00e8s au march\u00e9 du travail et l&rsquo;\u00e9ducation. Mais l&rsquo;activit\u00e9 du Comit\u00e9 va bien au-del\u00e0 de ce seul sujet : elle comprend une veille politique continue sur l&rsquo;actualit\u00e9 migratoire europ\u00e9enne, des prises de position et d\u00e9clarations, des recommandations, des webinaires et des visites de terrain, au fil des besoins.<\/p>\n<p>Le Comit\u00e9 accorde une attention particuli\u00e8re \u00e0 l&rsquo;inclusion interculturelle, \u00e0 l&rsquo;identification et \u00e0 la protection des personnes vuln\u00e9rables, ainsi qu&rsquo;aux services de premi\u00e8re r\u00e9ception. Christine Monty en assure la pr\u00e9sidence, aux c\u00f4t\u00e9s de Daniel Gu\u00e9ry (Mouvement international d&rsquo;apostolat des milieux sociaux ind\u00e9pendants), vice-pr\u00e9sident.<\/p>\n<h3>Des travaux concrets, au fil de l&rsquo;actualit\u00e9 migratoire europ\u00e9enne<\/h3>\n<p>Le Comit\u00e9 intervient r\u00e9guli\u00e8rement par des d\u00e9clarations, des recommandations, des webinaires et des visites de terrain. Parmi les travaux r\u00e9cents :<\/p>\n<ul>\n<li>une d\u00e9claration \u00e0 l&rsquo;occasion de la Journ\u00e9e mondiale des r\u00e9fugi\u00e9s (juin 2026) ;<\/li>\n<li>une prise de position sur les risques du r\u00e8glement europ\u00e9en sur les retours (f\u00e9vrier 2026) ;<\/li>\n<li>un webinaire sur la formation des enseignants accueillant des enfants migrants (avril 2026) ;<\/li>\n<li>un webinaire sur le contr\u00f4le aux fronti\u00e8res, l&rsquo;intelligence artificielle et les droits fondamentaux (novembre 2025) ;<\/li>\n<li>une d\u00e9claration sur la suspension du droit d&rsquo;asile en Gr\u00e8ce (juillet 2025) ;<\/li>\n<li>une visite de terrain en Pologne consacr\u00e9e \u00e0 l&rsquo;accueil des migrants et \u00e0 la situation aux fronti\u00e8res (f\u00e9vrier 2025).<\/li>\n<\/ul>\n<p>Le Comit\u00e9 publie \u00e9galement une lettre d&rsquo;information r\u00e9guli\u00e8re ainsi que des rapports d&rsquo;activit\u00e9. Cette page sera mise \u00e0 jour au fil des prochaines prises de position du Comit\u00e9.<\/p>\n<h3>Suivre les travaux du Comit\u00e9<\/h3>\n<p>&#x1f4c4; <a href=\"https:\/\/www.coe.int\/fr\/web\/ingo\/committee-on-migration-issues\" target=\"_blank\" rel=\"noopener\">Page officielle du Comit\u00e9 sur les questions de migration (coe.int)<\/a><\/p>\n<p>&#x1f4c4; <a href=\"https:\/\/rm.coe.int\/migration-committee-report-ga-april-2025-eng\/1680b523b0\" target=\"_blank\" rel=\"noopener\">Rapport du Comit\u00e9 \u00e0 l&rsquo;Assembl\u00e9e g\u00e9n\u00e9rale (avril 2025, en anglais)<\/a><\/p>\n<p>&#x1f4c4; <a href=\"https:\/\/rm.coe.int\/conf-ag-2025-rec4-draft-recommendation-on-state-accountability-in-the-\/488028ba76\" target=\"_blank\" rel=\"noopener\">Recommandation sur la responsabilit\u00e9 des \u00c9tats en mati\u00e8re d&rsquo;h\u00e9bergement (octobre 2025, en anglais)<\/a><\/p>\n<p>&#x1f4c4; <a href=\"https:\/\/rm.coe.int\/migration-committee-newsletter-n-3-2025-en\/1680b511f5\" target=\"_blank\" rel=\"noopener\">Lettre d&rsquo;information n\u00b03 du Comit\u00e9 (2025, en anglais)<\/a><\/p>\n\n\n<h3 class=\"wp-block-heading\">Questions fr\u00e9quentes<\/h3>\n\n\n\n<div class=\"wp-block-aioseo-faq\" data-schema-only=\"false\" style=\"margin-bottom:1.75em;\"><h3 class=\"aioseo-faq-block-question\" style=\"margin-bottom:0.5em;\">Qu&rsquo;est-ce que la Conf\u00e9rence des OING du Conseil de l&rsquo;Europe ?<\/h3><div class=\"aioseo-faq-block-answer\" style=\"margin-top:0.25em;\">\n<p class=\"wp-block-paragraph\">La Conf\u00e9rence des OING r\u00e9unit les organisations non gouvernementales internationales dot\u00e9es du statut participatif aupr\u00e8s du Conseil de l&rsquo;Europe. Elle leur permet de contribuer aux travaux de l&rsquo;organisation sur les droits humains, la d\u00e9mocratie et l&rsquo;\u00c9tat de droit \u2014 c&rsquo;est dans ce cadre que l&rsquo;OENDDF est repr\u00e9sent\u00e9 par sa pr\u00e9sidente, Christine Monty.<\/p>\n<\/div><\/div>\n\n\n\n<div class=\"wp-block-aioseo-faq\" data-schema-only=\"false\" style=\"margin-bottom:1.75em;\"><h3 class=\"aioseo-faq-block-question\" style=\"margin-bottom:0.5em;\">Quel est le mandat du Comit\u00e9 sur les questions de migration ?<\/h3><div class=\"aioseo-faq-block-answer\" style=\"margin-top:0.25em;\">\n<p class=\"wp-block-paragraph\">Pour la p\u00e9riode 2024-2027, le Comit\u00e9 travaille notamment sur l&rsquo;h\u00e9bergement des personnes migrantes comme enjeu majeur pour le respect des droits humains, un sujet transversal qui touche \u00e0 l&rsquo;acc\u00e8s aux soins, au bien-\u00eatre psychologique, \u00e0 l&rsquo;acc\u00e8s au march\u00e9 du travail et \u00e0 l&rsquo;\u00e9ducation. Son activit\u00e9 couvre aussi bien d&rsquo;autres travaux : veille politique, prises de position, recommandations, webinaires et visites de terrain.<\/p>\n<\/div><\/div>\n\n\n\n<div class=\"wp-block-aioseo-faq\" data-schema-only=\"false\" style=\"margin-bottom:1.75em;\"><h3 class=\"aioseo-faq-block-question\" style=\"margin-bottom:0.5em;\">Comment suivre l&rsquo;actualit\u00e9 du Comit\u00e9 pr\u00e9sid\u00e9 par Christine Monty ?<\/h3><div class=\"aioseo-faq-block-answer\" style=\"margin-top:0.25em;\">\n<p class=\"wp-block-paragraph\">Cette page est mise \u00e0 jour r\u00e9guli\u00e8rement avec les principales prises de position et activit\u00e9s du Comit\u00e9. Pour l&rsquo;ensemble des documents officiels (rapports, d\u00e9clarations, lettres d&rsquo;information), consultez la page du Comit\u00e9 sur le site du Conseil de l&rsquo;Europe.<\/p>\n<\/div><\/div>\n\n\n<p style=\"text-align:center;\"><em><a href=\"https:\/\/europeanobsndfr.org\/en\/oenddf-council-of-europe\/\">Read this page in English.<\/a><\/em><\/p>","protected":false},"excerpt":{"rendered":"<p>L&rsquo;OENDDF au Conseil de l&rsquo;Europe Christine Monty, d\u00e9l\u00e9gu\u00e9e sp\u00e9ciale de l&rsquo;Observatoire, pr\u00e9sidente du Comit\u00e9 sur les questions de migration Au sein de la Conf\u00e9rence des OING du Conseil de l&rsquo;Europe, l&rsquo;OENDDF porte la voix des droits fondamentaux au niveau europ\u00e9en \u2014 une mission qui repr\u00e9sente aujourd&rsquo;hui la majeure partie de l&rsquo;engagement de sa pr\u00e9sidente. Christine&#8230;<\/p>","protected":false},"author":1,"featured_media":0,"parent":0,"menu_order":0,"comment_status":"closed","ping_status":"closed","template":"","meta":{"give_campaign_id":0,"_kadence_starter_templates_imported_post":false,"_kad_post_transparent":"","_kad_post_title":"","_kad_post_layout":"","_kad_post_sidebar_id":"","_kad_post_content_style":"","_kad_post_vertical_padding":"","_kad_post_feature":"","_kad_post_feature_position":"","_kad_post_header":false,"_kad_post_footer":false,"_kad_post_classname":"","footnotes":""},"class_list":["post-19350","page","type-page","status-publish","hentry"],"aioseo_notices":[],"aioseo_head":"\n\t\t<!-- All in One SEO 5.0.1.1 - aioseo.com -->\n\t<meta name=\"description\" content=\"Christine Monty, pr\u00e9sidente de l&#039;OENDDF, pr\u00e9side le Comit\u00e9 sur les questions de migration de la Conf\u00e9rence des OING du Conseil de l&#039;Europe.\" \/>\n\t<meta name=\"robots\" content=\"max-snippet:-1, max-image-preview:large, max-video-preview:-1\" \/>\n\t<meta name=\"google-site-verification\" content=\"KZsAbCyd-Ww06m2-MlFPa7EphgzWqs90ra8o0LfM_K8\" \/>\n\t<link rel=\"canonical\" href=\"https:\/\/europeanobsndfr.org\/en\/oenddf-conseil-de-leurope\/\" \/>\n\t<meta name=\"generator\" content=\"All in One SEO (AIOSEO) 5.0.1.1\" \/>\n\t\t<meta property=\"og:locale\" content=\"en_GB\" \/>\n\t\t<meta property=\"og:site_name\" content=\"Observatoire Europ\u00e9en de la Non-Discrimination et des Droits Fondamentaux\" \/>\n\t\t<meta property=\"og:type\" content=\"non_profit\" \/>\n\t\t<meta property=\"og:title\" content=\"L&#039;OENDDF au Conseil de l&#039;Europe | OENDDF\" \/>\n\t\t<meta property=\"og:description\" content=\"Christine Monty, pr\u00e9sidente de l&#039;OENDDF, pr\u00e9side le Comit\u00e9 sur les questions de migration de la Conf\u00e9rence des OING du Conseil de l&#039;Europe.\" \/>\n\t\t<meta property=\"og:url\" content=\"https:\/\/europeanobsndfr.org\/en\/oenddf-conseil-de-leurope\/\" \/>\n\t\t<meta property=\"og:image\" content=\"https:\/\/europeanobsndfr.org\/wp-content\/uploads\/2016\/11\/logo-oenddf.jpg\" \/>\n\t\t<meta property=\"og:image:secure_url\" content=\"https:\/\/europeanobsndfr.org\/wp-content\/uploads\/2016\/11\/logo-oenddf.jpg\" \/>\n\t\t<meta property=\"og:image:width\" content=\"830\" \/>\n\t\t<meta property=\"og:image:height\" content=\"600\" \/>\n\t\t<meta name=\"twitter:card\" content=\"summary\" \/>\n\t\t<meta name=\"twitter:site\" content=\"@europeanobs\" \/>\n\t\t<meta name=\"twitter:title\" content=\"L&#039;OENDDF au Conseil de l&#039;Europe | OENDDF\" \/>\n\t\t<meta name=\"twitter:description\" content=\"Christine Monty, pr\u00e9sidente de l&#039;OENDDF, pr\u00e9side le Comit\u00e9 sur les questions de migration de la Conf\u00e9rence des OING du Conseil de l&#039;Europe.\" \/>\n\t\t<meta name=\"twitter:creator\" content=\"@europeanobs\" \/>\n\t\t<meta name=\"twitter:image\" content=\"https:\/\/europeanobsndfr.org\/wp-content\/uploads\/2016\/11\/logo-oenddf.jpg\" \/>\n\t\t<script type=\"application\/ld+json\" class=\"aioseo-schema\">\n\t\t\t{\"@context\":\"https:\\\/\\\/schema.org\",\"@graph\":[{\"@type\":\"BreadcrumbList\",\"@id\":\"https:\\\/\\\/europeanobsndfr.org\\\/en\\\/oenddf-conseil-de-leurope\\\/#breadcrumblist\",\"itemListElement\":[{\"@type\":\"ListItem\",\"@id\":\"https:\\\/\\\/europeanobsndfr.org\\\/en#listItem\",\"position\":1,\"name\":\"Accueil\",\"item\":\"https:\\\/\\\/europeanobsndfr.org\\\/en\",\"nextItem\":{\"@type\":\"ListItem\",\"@id\":\"https:\\\/\\\/europeanobsndfr.org\\\/en\\\/oenddf-conseil-de-leurope\\\/#listItem\",\"name\":\"L&rsquo;OENDDF au Conseil de l&rsquo;Europe\"}},{\"@type\":\"ListItem\",\"@id\":\"https:\\\/\\\/europeanobsndfr.org\\\/en\\\/oenddf-conseil-de-leurope\\\/#listItem\",\"position\":2,\"name\":\"L&rsquo;OENDDF au Conseil de l&rsquo;Europe\",\"previousItem\":{\"@type\":\"ListItem\",\"@id\":\"https:\\\/\\\/europeanobsndfr.org\\\/en#listItem\",\"name\":\"Accueil\"}}]},{\"@type\":\"Organization\",\"@id\":\"https:\\\/\\\/europeanobsndfr.org\\\/en\\\/#organization\",\"name\":\"OENDDF\",\"description\":\"Organisation Internationale Non-Gouvernementale\",\"url\":\"https:\\\/\\\/europeanobsndfr.org\\\/en\\\/\",\"logo\":{\"@type\":\"ImageObject\",\"url\":\"https:\\\/\\\/europeanobsndfr.org\\\/wp-content\\\/uploads\\\/2016\\\/11\\\/cropped-logo-oenddf.jpg\",\"@id\":\"https:\\\/\\\/europeanobsndfr.org\\\/en\\\/oenddf-conseil-de-leurope\\\/#organizationLogo\",\"width\":701,\"height\":600,\"caption\":\"Logo OENDDF\"},\"image\":{\"@id\":\"https:\\\/\\\/europeanobsndfr.org\\\/en\\\/oenddf-conseil-de-leurope\\\/#organizationLogo\"},\"sameAs\":[\"https:\\\/\\\/twitter.com\\\/europeanobs\",\"https:\\\/\\\/www.instagram.com\\\/oenddf_ngo\\\/\",\"https:\\\/\\\/www.youtube.com\\\/channel\\\/UCO9vz5fybFw1Q8pvN00CDgA\"]},{\"@type\":\"WebPage\",\"@id\":\"https:\\\/\\\/europeanobsndfr.org\\\/en\\\/oenddf-conseil-de-leurope\\\/#webpage\",\"url\":\"https:\\\/\\\/europeanobsndfr.org\\\/en\\\/oenddf-conseil-de-leurope\\\/\",\"name\":\"L'OENDDF au Conseil de l'Europe | OENDDF\",\"description\":\"Christine Monty, pr\\u00e9sidente de l'OENDDF, pr\\u00e9side le Comit\\u00e9 sur les questions de migration de la Conf\\u00e9rence des OING du Conseil de l'Europe.\",\"inLanguage\":\"en-GB\",\"isPartOf\":{\"@id\":\"https:\\\/\\\/europeanobsndfr.org\\\/en\\\/#website\"},\"breadcrumb\":{\"@id\":\"https:\\\/\\\/europeanobsndfr.org\\\/en\\\/oenddf-conseil-de-leurope\\\/#breadcrumblist\"},\"datePublished\":\"2026-09-06T18:10:48+01:00\",\"dateModified\":\"2026-09-06T18:46:59+01:00\"},{\"@type\":\"WebSite\",\"@id\":\"https:\\\/\\\/europeanobsndfr.org\\\/en\\\/#website\",\"url\":\"https:\\\/\\\/europeanobsndfr.org\\\/en\\\/\",\"name\":\"Observatoire Europ\\u00e9en de la Non-Discrimination et des Droits Fondamentaux\",\"description\":\"Organisation Internationale Non-Gouvernementale\",\"inLanguage\":\"en-GB\",\"publisher\":{\"@id\":\"https:\\\/\\\/europeanobsndfr.org\\\/en\\\/#organization\"}}]}\n\t\t<\/script>\n\t\t<!-- All in One SEO -->\n\n","aioseo_head_json":{"title":"L'OENDDF au Conseil de l'Europe | OENDDF","description":"Christine Monty, pr\u00e9sidente de l'OENDDF, pr\u00e9side le Comit\u00e9 sur les questions de migration de la Conf\u00e9rence des OING du Conseil de l'Europe.","canonical_url":"https:\/\/europeanobsndfr.org\/en\/oenddf-conseil-de-leurope\/","robots":"max-snippet:-1, max-image-preview:large, max-video-preview:-1","keywords":"","webmasterTools":{"google-site-verification":"KZsAbCyd-Ww06m2-MlFPa7EphgzWqs90ra8o0LfM_K8","miscellaneous":""},"schema":{"@context":"https:\/\/schema.org","@graph":[{"@type":"BreadcrumbList","@id":"https:\/\/europeanobsndfr.org\/en\/oenddf-conseil-de-leurope\/#breadcrumblist","itemListElement":[{"@type":"ListItem","@id":"https:\/\/europeanobsndfr.org\/en#listItem","position":1,"name":"Accueil","item":"https:\/\/europeanobsndfr.org\/en","nextItem":{"@type":"ListItem","@id":"https:\/\/europeanobsndfr.org\/en\/oenddf-conseil-de-leurope\/#listItem","name":"L&rsquo;OENDDF au Conseil de l&rsquo;Europe"}},{"@type":"ListItem","@id":"https:\/\/europeanobsndfr.org\/en\/oenddf-conseil-de-leurope\/#listItem","position":2,"name":"L&rsquo;OENDDF au Conseil de l&rsquo;Europe","previousItem":{"@type":"ListItem","@id":"https:\/\/europeanobsndfr.org\/en#listItem","name":"Accueil"}}]},{"@type":"Organization","@id":"https:\/\/europeanobsndfr.org\/en\/#organization","name":"OENDDF","description":"Organisation Internationale Non-Gouvernementale","url":"https:\/\/europeanobsndfr.org\/en\/","logo":{"@type":"ImageObject","url":"https:\/\/europeanobsndfr.org\/wp-content\/uploads\/2016\/11\/cropped-logo-oenddf.jpg","@id":"https:\/\/europeanobsndfr.org\/en\/oenddf-conseil-de-leurope\/#organizationLogo","width":701,"height":600,"caption":"Logo OENDDF"},"image":{"@id":"https:\/\/europeanobsndfr.org\/en\/oenddf-conseil-de-leurope\/#organizationLogo"},"sameAs":["https:\/\/twitter.com\/europeanobs","https:\/\/www.instagram.com\/oenddf_ngo\/","https:\/\/www.youtube.com\/channel\/UCO9vz5fybFw1Q8pvN00CDgA"]},{"@type":"WebPage","@id":"https:\/\/europeanobsndfr.org\/en\/oenddf-conseil-de-leurope\/#webpage","url":"https:\/\/europeanobsndfr.org\/en\/oenddf-conseil-de-leurope\/","name":"L'OENDDF au Conseil de l'Europe | OENDDF","description":"Christine Monty, pr\u00e9sidente de l'OENDDF, pr\u00e9side le Comit\u00e9 sur les questions de migration de la Conf\u00e9rence des OING du Conseil de l'Europe.","inLanguage":"en-GB","isPartOf":{"@id":"https:\/\/europeanobsndfr.org\/en\/#website"},"breadcrumb":{"@id":"https:\/\/europeanobsndfr.org\/en\/oenddf-conseil-de-leurope\/#breadcrumblist"},"datePublished":"2026-09-06T18:10:48+01:00","dateModified":"2026-09-06T18:46:59+01:00"},{"@type":"WebSite","@id":"https:\/\/europeanobsndfr.org\/en\/#website","url":"https:\/\/europeanobsndfr.org\/en\/","name":"Observatoire Europ\u00e9en de la Non-Discrimination et des Droits Fondamentaux","description":"Organisation Internationale Non-Gouvernementale","inLanguage":"en-GB","publisher":{"@id":"https:\/\/europeanobsndfr.org\/en\/#organization"}}]},"og:locale":"en_GB","og:site_name":"Observatoire Europ\u00e9en de la Non-Discrimination et des Droits Fondamentaux","og:type":"non_profit","og:title":"L'OENDDF au Conseil de l'Europe | OENDDF","og:description":"Christine Monty, pr\u00e9sidente de l'OENDDF, pr\u00e9side le Comit\u00e9 sur les questions de migration de la Conf\u00e9rence des OING du Conseil de l'Europe.","og:url":"https:\/\/europeanobsndfr.org\/en\/oenddf-conseil-de-leurope\/","og:image":"https:\/\/europeanobsndfr.org\/wp-content\/uploads\/2016\/11\/logo-oenddf.jpg","og:image:secure_url":"https:\/\/europeanobsndfr.org\/wp-content\/uploads\/2016\/11\/logo-oenddf.jpg","og:image:width":830,"og:image:height":600,"twitter:card":"summary","twitter:site":"@europeanobs","twitter:title":"L'OENDDF au Conseil de l'Europe | OENDDF","twitter:description":"Christine Monty, pr\u00e9sidente de l'OENDDF, pr\u00e9side le Comit\u00e9 sur les questions de migration de la Conf\u00e9rence des OING du Conseil de l'Europe.","twitter:creator":"@europeanobs","twitter:image":"https:\/\/europeanobsndfr.org\/wp-content\/uploads\/2016\/11\/logo-oenddf.jpg"},"aioseo_meta_data":{"post_id":"19350","title":"L'OENDDF au Conseil de l'Europe | OENDDF","description":"Christine Monty, pr\u00e9sidente de l'OENDDF, pr\u00e9side le Comit\u00e9 sur les questions de migration de la Conf\u00e9rence des OING du Conseil de l'Europe.","keywords":null,"keyphrases":{"focus":{"keyphrase":"OENDDF Conseil de l'Europe"}},"primary_term":null,"canonical_url":null,"og_title":null,"og_description":null,"og_object_type":"default","og_image_type":"default","og_image_url":null,"og_image_width":null,"og_image_height":null,"og_image_custom_url":null,"og_image_custom_fields":null,"og_video":"","og_custom_url":null,"og_article_section":null,"og_article_tags":null,"twitter_use_og":false,"twitter_card":"default","twitter_image_type":"default","twitter_image_url":null,"twitter_image_custom_url":null,"twitter_image_custom_fields":null,"twitter_title":null,"twitter_description":null,"schema":{"blockGraphs":[],"customGraphs":[],"default":{"data":{"Article":[],"Course":[],"Dataset":[],"FAQPage":[],"Movie":[],"Person":[],"Product":[],"ProductReview":[],"Car":[],"Recipe":[],"Service":[],"SoftwareApplication":[],"WebPage":[]},"graphName":"WebPage","isEnabled":true},"graphs":[]},"schema_type":"default","schema_type_options":null,"pillar_content":false,"robots_default":true,"robots_noindex":false,"robots_noarchive":false,"robots_nosnippet":false,"robots_nofollow":false,"robots_noimageindex":false,"robots_noodp":false,"robots_notranslate":false,"robots_max_snippet":null,"robots_max_videopreview":null,"robots_max_imagepreview":"large","priority":0,"frequency":"default","local_seo":null,"breadcrumb_settings":null,"limit_modified_date":false,"ai":null,"created":"2026-09-06 17:10:48","updated":"2026-09-06 19:04:23","focus_keyword":"OENDDF Conseil de l'Europe","additional_keywords":null,"truseo_locale":null,"seo_analyzer_scan_date":null},"campaignId":"","jetpack-related-posts":[],"jetpack_sharing_enabled":true,"_links":{"self":[{"href":"https:\/\/europeanobsndfr.org\/en\/wp-json\/wp\/v2\/pages\/19350","targetHints":{"allow":["GET"]}}],"collection":[{"href":"https:\/\/europeanobsndfr.org\/en\/wp-json\/wp\/v2\/pages"}],"about":[{"href":"https:\/\/europeanobsndfr.org\/en\/wp-json\/wp\/v2\/types\/page"}],"author":[{"embeddable":true,"href":"https:\/\/europeanobsndfr.org\/en\/wp-json\/wp\/v2\/users\/1"}],"replies":[{"embeddable":true,"href":"https:\/\/europeanobsndfr.org\/en\/wp-json\/wp\/v2\/comments?post=19350"}],"version-history":[{"count":2,"href":"https:\/\/europeanobsndfr.org\/en\/wp-json\/wp\/v2\/pages\/19350\/revisions"}],"predecessor-version":[{"id":19358,"href":"https:\/\/europeanobsndfr.org\/en\/wp-json\/wp\/v2\/pages\/19350\/revisions\/19358"}],"wp:attachment":[{"href":"https:\/\/europeanobsndfr.org\/en\/wp-json\/wp\/v2\/media?parent=19350"}],"curies":[{"name":"wp","href":"https:\/\/api.w.org\/{rel}","templated":true}]}}