{"id":5222,"date":"2015-02-12T11:36:56","date_gmt":"2015-02-12T10:36:56","guid":{"rendered":"https:\/\/europeanobsndfr.org\/action-programme-2\/"},"modified":"2026-02-13T15:17:45","modified_gmt":"2026-02-13T14:17:45","slug":"nos-actions","status":"publish","type":"page","link":"https:\/\/europeanobsndfr.org\/en\/nos-actions\/","title":{"rendered":"Nos Actions"},"content":{"rendered":"<div>\n<h1 style=\"text-align: justify;\">Nos domaines d&rsquo;actions<\/h1>\n<h2>Pour faire progresser la non-discrimination et les droits fondamentaux en Europe.<\/h2>\n<div style=\"display: flex; align-items: flex-start; gap: 40px; margin: 60px 0; flex-wrap: wrap;\">\n<p><!-- COLONNE TEXTE --><\/p>\n<div style=\"flex: 1; min-width: 300px;\">\n<h2>Nos actions de terrain<\/h2>\n<p style=\"text-align: justify;\">Nous intervenons au plus pr\u00e8s des r\u00e9alit\u00e9s sociales et migratoires, recueillons des \u00e9l\u00e9ments concrets et documentons les situations v\u00e9cues.<\/p>\n<p style=\"text-align: justify;\">\nCette expertise de terrain nourrit notre dialogue institutionnel europ\u00e9en et renforce la cr\u00e9dibilit\u00e9 de nos plaidoyers.<\/p>\n<\/div>\n<p><!-- COLONNE IMAGE --><\/p>\n<div style=\"flex: 1; min-width: 300px;\"><img decoding=\"async\" style=\"width: 100%; height: 350px; object-fit: cover; border-radius: 8px;\" src=\"http:\/\/europeanobsndfr.org\/wp-content\/uploads\/2026\/02\/photoChristerrain.jpeg\" \/><\/div>\n<\/div>\n<p>&nbsp;<\/p>\n<p style=\"text-align: justify;\"><strong>Nous attachons une pr\u00e9f\u00e9rence<\/strong> <strong>sp\u00e9cifique<\/strong> <strong>aux domaines d&rsquo;actions suivants<\/strong> :<\/p>\n<ul style=\"text-align: justify;\">\n<li><span style=\"color: #0000ff;\"><strong><a style=\"color: #0000ff;\" title=\"Acc\u00e8s \u00e0 la justice\" href=\"https:\/\/europeanobsndfr.org\/en\/category\/acces-a-la-justice\/\">Acc\u00e8s \u00e0 la justice<\/a><\/strong><\/span><\/li>\n<li><span style=\"color: #0000ff;\"><strong><a style=\"color: #0000ff;\" title=\"Asile, immigration et fronti\u00e8res\" href=\"https:\/\/europeanobsndfr.org\/en\/category\/actualites-fr\/asylum-migration-and-borders\/\">Asile, immigration et fronti\u00e8res<\/a><\/strong><\/span><\/li>\n<li><span style=\"color: #0000ff;\"><strong><a style=\"color: #0000ff;\" title=\"Asile, immigration et fronti\u00e8res\" href=\"https:\/\/europeanobsndfr.org\/en\/category\/actualites-fr\/bioethique-transhumanisme\/\">Bio\u00e9thique &#8211; Transhumanisme<\/a><\/strong><\/span><\/li>\n<li><span style=\"color: #0000ff;\"><strong><a style=\"color: #0000ff;\" title=\"Combat contre la pauvret\u00e9, contre l'Exclusion sociale et pour l'inclusion sociale\" href=\"https:\/\/europeanobsndfr.org\/en\/category\/actualites-fr\/combat-contre-pauvrete\/\">Combat contre la pauvret\u00e9, contre l&rsquo;exclusion sociale et pour l&rsquo;inclusion sociale <\/a><\/strong><\/span><\/li>\n<li><span style=\"color: #0000ff;\"><strong><a style=\"color: #0000ff;\" title=\"Crimes de haine\" href=\"https:\/\/europeanobsndfr.org\/en\/category\/actualites-fr\/crimes-de-haine\/\">Crimes de haine<\/a><\/strong><\/span><\/li>\n<li><span style=\"color: #0000ff;\"><strong><a style=\"color: #0000ff;\" title=\"Droits des enfants\" href=\"https:\/\/europeanobsndfr.org\/en\/category\/actualites-fr\/droits-des-enfants\/\">Droits des enfants<\/a><\/strong><\/span><\/li>\n<li><span style=\"color: #0000ff;\"><strong><a style=\"color: #0000ff;\" title=\"Lutte contre le trafic des \u00eatres humains\" href=\"https:\/\/europeanobsndfr.org\/en\/category\/actualites-fr\/lutte-contre-trafic-etres-humains\/\">Lutte contre le trafic des \u00eatres humains<\/a><\/strong><\/span><\/li>\n<li><span style=\"color: #0000ff;\"><strong><a style=\"color: #0000ff;\" title=\"Personnes en situation de handicap et inclusion\" href=\"https:\/\/europeanobsndfr.org\/en\/category\/actualites-fr\/actus-personnes-situation-handicap\/\">Personnes en situation de handicap et inclusion<\/a><\/strong><\/span><\/li>\n<li><span style=\"color: #0000ff;\"><strong><a style=\"color: #0000ff;\" title=\"Personnes sans-abri rejet\u00e9es en raison de leur orientation sexuelle\/LGBTI\" href=\"https:\/\/europeanobsndfr.org\/en\/category\/personnes-sans-abri-rejetees-en-raison-de-leur-orientation-sexuelle\/\">Personnes \u00a0discrimin\u00e9es en raison de leur orientation sexuelle ou de leur genre \/ LGBTQI<\/a><\/strong><\/span><\/li>\n<li><span style=\"color: #0000ff;\"><strong><a style=\"color: #0000ff;\" title=\"Protection des donn\u00e9es et vie priv\u00e9e\" href=\"https:\/\/europeanobsndfr.org\/en\/category\/protection-donnees-vie-privee\/\">Protection des donn\u00e9es et vie priv\u00e9e<\/a><\/strong><\/span><\/li>\n<li><span style=\"color: #0000ff;\"><strong><a style=\"color: #0000ff;\" title=\"Questions de genre\/Egalit\u00e9 hommes-Femmes\" href=\"https:\/\/europeanobsndfr.org\/en\/category\/actualites-fr\/egalite-hommes-femmes\/\">Egalit\u00e9 hommes-Femmes<\/a><\/strong><\/span><\/li>\n<li><span style=\"color: #0000ff;\"><strong><a style=\"color: #0000ff;\" title=\"Racisme et intol\u00e9rances li\u00e9es \/Int\u00e9grations des minorit\u00e9s ethniques et nationales\" href=\"https:\/\/europeanobsndfr.org\/en\/category\/actualites-fr\/integration-des-minorites-ethniques-et-nationales\/\">Racisme et intol\u00e9rances li\u00e9es \/Int\u00e9grations des minorit\u00e9s ethniques et nationales<\/a><\/strong><\/span><\/li>\n<li><strong><a title=\"Roms\" href=\"https:\/\/europeanobsndfr.org\/en\/category\/roma\/\"><span style=\"color: #0000ff;\">Droits des Roms<\/span><\/a><\/strong><\/li>\n<\/ul>\n<h2 id=\"anchor-missions-map\" style=\"text-align: justify;\">Carte des missions de mise en pratique d&rsquo;actions de non-discrimination dans l&rsquo;Union Europ\u00e9enne<\/h2>\n<p style=\"text-align: justify;\">Nous sommes intervenus dans de nombreuses villes de l&rsquo;Union Europ\u00e9enne, pour mettre en pratique ces actions en mati\u00e8re de non-discrimination et de droits fondamentaux (cf. <strong>Carte des missions).<\/strong><\/p>\n<\/div>\n<style type=\"text\/css\" id=\"gmpMapStyles_1_19070\">\r\n\t#google_map_easy_1_19070 {\r\n        width: 100%;\r\n        height: 250px;\r\n\t\t\t\t\t\t    }\r\n\t#gmapControlsNum_1_19070 {\r\n\t\twidth:100%\t}\r\n\t.gmpMapDetailsContainer#gmpMapDetailsContainer_1_19070 {\r\n\t\theight:250px;\r\n\t}\r\n\t.gmp_MapPreview#google_map_easy_1_19070 {\r\n\t\t\/*position:absolute;*\/\r\n\t\twidth: 100%;\r\n\t}\r\n\t#mapConElem_1_19070{\r\n\t\twidth: 100%\t}\r\n    .gm-style .gm-style-iw-c{\r\n        padding: 12px!important;\r\n    }\r\n\t    <\/style>\r\n <div class=\"gmp_map_opts\" id=\"mapConElem_1_19070\" data-id=\"1\" data-view-id=\"1_19070\" > <div class=\"gmpMapDetailsContainer\" id=\"gmpMapDetailsContainer_1_19070\"> <i class=\"gmpKMLLayersPreloader fa fa-spinner fa-spin\" aria-hidden=\"true\" style=\"display: none;\"><\/i> <div class=\"gmp_MapPreview\" id=\"google_map_easy_1_19070\"><\/div> <\/div> <div class=\"gmpMapMarkerFilters\" id=\"gmpMapMarkerFilters_1_19070\"> <\/div> <div class=\"gmpMapProControlsCon\" id=\"gmpMapProControlsCon_1_19070\"> <\/div> <div class=\"gmpMapProDirectionsCon\" id=\"gmpMapProDirectionsCon_1_19070\" > <\/div> <div class=\"gmpMapProKmlFilterCon\" id=\"gmpMapProKmlFilterCon_1_19070\" > <\/div> <div class=\"gmpSocialSharingShell gmpSocialSharingShell_1_19070\"> <\/div> <div style=\"clear: both;\"><\/div> <\/div>","protected":false},"excerpt":{"rendered":"<p>Nos domaines d&rsquo;actions Pour faire progresser la non-discrimination et les droits fondamentaux en Europe. Nos actions de terrain Nous intervenons au plus pr\u00e8s des r\u00e9alit\u00e9s sociales et migratoires, recueillons des \u00e9l\u00e9ments concrets et documentons les situations v\u00e9cues. Cette expertise de terrain nourrit notre dialogue institutionnel europ\u00e9en et renforce la cr\u00e9dibilit\u00e9 de nos plaidoyers. &nbsp; Nous&#8230;<\/p>","protected":false},"author":1,"featured_media":0,"parent":0,"menu_order":9,"comment_status":"closed","ping_status":"closed","template":"","meta":{"give_campaign_id":0,"_kadence_starter_templates_imported_post":false,"_kad_post_transparent":"","_kad_post_title":"","_kad_post_layout":"","_kad_post_sidebar_id":"","_kad_post_content_style":"","_kad_post_vertical_padding":"","_kad_post_feature":"","_kad_post_feature_position":"","_kad_post_header":false,"_kad_post_footer":false,"_kad_post_classname":"","footnotes":""},"class_list":["post-5222","page","type-page","status-publish","hentry"],"aioseo_notices":[],"aioseo_head":"\n\t\t<!-- All in One SEO 5.0.1.1 - aioseo.com -->\n\t<meta name=\"description\" content=\"Nos actions suivent les recommandations de l&#039;Agence Europ\u00e9enne des droits fondamentaux, ainsi que de d\u00e9cisions de la Commission et du Parlement Europ\u00e9ens.\" \/>\n\t<meta name=\"robots\" content=\"max-snippet:-1, max-image-preview:large, max-video-preview:-1\" \/>\n\t<meta name=\"google-site-verification\" content=\"KZsAbCyd-Ww06m2-MlFPa7EphgzWqs90ra8o0LfM_K8\" \/>\n\t<link rel=\"canonical\" href=\"https:\/\/europeanobsndfr.org\/en\/nos-actions\/\" \/>\n\t<meta name=\"generator\" content=\"All in One SEO (AIOSEO) 5.0.1.1\" \/>\n\t\t<meta property=\"og:locale\" content=\"en_GB\" \/>\n\t\t<meta property=\"og:site_name\" content=\"Observatoire Europ\u00e9en de la Non-Discrimination et des Droits Fondamentaux\" \/>\n\t\t<meta property=\"og:type\" content=\"non_profit\" \/>\n\t\t<meta property=\"og:title\" content=\"Nos Actions | O.E.N.D.D.F.\" \/>\n\t\t<meta property=\"og:description\" content=\"Nos actions suivent les recommandations de l&#039;Agence Europ\u00e9enne des droits fondamentaux, ainsi que de d\u00e9cisions de la Commission et du Parlement Europ\u00e9ens.\" \/>\n\t\t<meta property=\"og:url\" content=\"https:\/\/europeanobsndfr.org\/en\/nos-actions\/\" \/>\n\t\t<meta property=\"og:image\" content=\"https:\/\/europeanobsndfr.org\/wp-content\/uploads\/2016\/11\/logo-oenddf.jpg\" \/>\n\t\t<meta property=\"og:image:secure_url\" content=\"https:\/\/europeanobsndfr.org\/wp-content\/uploads\/2016\/11\/logo-oenddf.jpg\" \/>\n\t\t<meta property=\"og:image:width\" content=\"830\" \/>\n\t\t<meta property=\"og:image:height\" content=\"600\" \/>\n\t\t<meta name=\"twitter:card\" content=\"summary\" \/>\n\t\t<meta name=\"twitter:site\" content=\"@europeanobs\" \/>\n\t\t<meta name=\"twitter:title\" content=\"Nos Actions | O.E.N.D.D.F.\" \/>\n\t\t<meta name=\"twitter:description\" content=\"Nos actions suivent les recommandations de l&#039;Agence Europ\u00e9enne des droits fondamentaux, ainsi que de d\u00e9cisions de la Commission et du Parlement Europ\u00e9ens.\" \/>\n\t\t<meta name=\"twitter:creator\" content=\"@europeanobs\" \/>\n\t\t<meta name=\"twitter:image\" content=\"https:\/\/europeanobsndfr.org\/wp-content\/uploads\/2016\/11\/logo-oenddf.jpg\" \/>\n\t\t<script type=\"application\/ld+json\" class=\"aioseo-schema\">\n\t\t\t{\"@context\":\"https:\\\/\\\/schema.org\",\"@graph\":[{\"@type\":\"BreadcrumbList\",\"@id\":\"https:\\\/\\\/europeanobsndfr.org\\\/en\\\/nos-actions\\\/#breadcrumblist\",\"itemListElement\":[{\"@type\":\"ListItem\",\"@id\":\"https:\\\/\\\/europeanobsndfr.org\\\/en#listItem\",\"position\":1,\"name\":\"Accueil\",\"item\":\"https:\\\/\\\/europeanobsndfr.org\\\/en\",\"nextItem\":{\"@type\":\"ListItem\",\"@id\":\"https:\\\/\\\/europeanobsndfr.org\\\/en\\\/nos-actions\\\/#listItem\",\"name\":\"Nos Actions\"}},{\"@type\":\"ListItem\",\"@id\":\"https:\\\/\\\/europeanobsndfr.org\\\/en\\\/nos-actions\\\/#listItem\",\"position\":2,\"name\":\"Nos Actions\",\"previousItem\":{\"@type\":\"ListItem\",\"@id\":\"https:\\\/\\\/europeanobsndfr.org\\\/en#listItem\",\"name\":\"Accueil\"}}]},{\"@type\":\"Organization\",\"@id\":\"https:\\\/\\\/europeanobsndfr.org\\\/en\\\/#organization\",\"name\":\"OENDDF\",\"description\":\"Organisation Internationale Non-Gouvernementale\",\"url\":\"https:\\\/\\\/europeanobsndfr.org\\\/en\\\/\",\"logo\":{\"@type\":\"ImageObject\",\"url\":\"https:\\\/\\\/europeanobsndfr.org\\\/wp-content\\\/uploads\\\/2016\\\/11\\\/cropped-logo-oenddf.jpg\",\"@id\":\"https:\\\/\\\/europeanobsndfr.org\\\/en\\\/nos-actions\\\/#organizationLogo\",\"width\":701,\"height\":600,\"caption\":\"Logo OENDDF\"},\"image\":{\"@id\":\"https:\\\/\\\/europeanobsndfr.org\\\/en\\\/nos-actions\\\/#organizationLogo\"},\"sameAs\":[\"https:\\\/\\\/twitter.com\\\/europeanobs\",\"https:\\\/\\\/www.instagram.com\\\/oenddf_ngo\\\/\",\"https:\\\/\\\/www.youtube.com\\\/channel\\\/UCO9vz5fybFw1Q8pvN00CDgA\"]},{\"@type\":\"WebPage\",\"@id\":\"https:\\\/\\\/europeanobsndfr.org\\\/en\\\/nos-actions\\\/#webpage\",\"url\":\"https:\\\/\\\/europeanobsndfr.org\\\/en\\\/nos-actions\\\/\",\"name\":\"Nos Actions | O.E.N.D.D.F.\",\"description\":\"Nos actions suivent les recommandations de l'Agence Europ\\u00e9enne des droits fondamentaux, ainsi que de d\\u00e9cisions de la Commission et du Parlement Europ\\u00e9ens.\",\"inLanguage\":\"en-GB\",\"isPartOf\":{\"@id\":\"https:\\\/\\\/europeanobsndfr.org\\\/en\\\/#website\"},\"breadcrumb\":{\"@id\":\"https:\\\/\\\/europeanobsndfr.org\\\/en\\\/nos-actions\\\/#breadcrumblist\"},\"datePublished\":\"2015-02-12T11:36:56+01:00\",\"dateModified\":\"2026-02-13T15:17:45+01:00\"},{\"@type\":\"WebSite\",\"@id\":\"https:\\\/\\\/europeanobsndfr.org\\\/en\\\/#website\",\"url\":\"https:\\\/\\\/europeanobsndfr.org\\\/en\\\/\",\"name\":\"Observatoire Europ\\u00e9en de la Non-Discrimination et des Droits Fondamentaux\",\"description\":\"Organisation Internationale Non-Gouvernementale\",\"inLanguage\":\"en-GB\",\"publisher\":{\"@id\":\"https:\\\/\\\/europeanobsndfr.org\\\/en\\\/#organization\"}}]}\n\t\t<\/script>\n\t\t<!-- All in One SEO -->\n\n","aioseo_head_json":{"title":"Nos Actions | O.E.N.D.D.F.","description":"Nos actions suivent les recommandations de l'Agence Europ\u00e9enne des droits fondamentaux, ainsi que de d\u00e9cisions de la Commission et du Parlement Europ\u00e9ens.","canonical_url":"https:\/\/europeanobsndfr.org\/en\/nos-actions\/","robots":"max-snippet:-1, max-image-preview:large, max-video-preview:-1","keywords":"","webmasterTools":{"google-site-verification":"KZsAbCyd-Ww06m2-MlFPa7EphgzWqs90ra8o0LfM_K8","miscellaneous":""},"schema":{"@context":"https:\/\/schema.org","@graph":[{"@type":"BreadcrumbList","@id":"https:\/\/europeanobsndfr.org\/en\/nos-actions\/#breadcrumblist","itemListElement":[{"@type":"ListItem","@id":"https:\/\/europeanobsndfr.org\/en#listItem","position":1,"name":"Accueil","item":"https:\/\/europeanobsndfr.org\/en","nextItem":{"@type":"ListItem","@id":"https:\/\/europeanobsndfr.org\/en\/nos-actions\/#listItem","name":"Nos Actions"}},{"@type":"ListItem","@id":"https:\/\/europeanobsndfr.org\/en\/nos-actions\/#listItem","position":2,"name":"Nos Actions","previousItem":{"@type":"ListItem","@id":"https:\/\/europeanobsndfr.org\/en#listItem","name":"Accueil"}}]},{"@type":"Organization","@id":"https:\/\/europeanobsndfr.org\/en\/#organization","name":"OENDDF","description":"Organisation Internationale Non-Gouvernementale","url":"https:\/\/europeanobsndfr.org\/en\/","logo":{"@type":"ImageObject","url":"https:\/\/europeanobsndfr.org\/wp-content\/uploads\/2016\/11\/cropped-logo-oenddf.jpg","@id":"https:\/\/europeanobsndfr.org\/en\/nos-actions\/#organizationLogo","width":701,"height":600,"caption":"Logo OENDDF"},"image":{"@id":"https:\/\/europeanobsndfr.org\/en\/nos-actions\/#organizationLogo"},"sameAs":["https:\/\/twitter.com\/europeanobs","https:\/\/www.instagram.com\/oenddf_ngo\/","https:\/\/www.youtube.com\/channel\/UCO9vz5fybFw1Q8pvN00CDgA"]},{"@type":"WebPage","@id":"https:\/\/europeanobsndfr.org\/en\/nos-actions\/#webpage","url":"https:\/\/europeanobsndfr.org\/en\/nos-actions\/","name":"Nos Actions | O.E.N.D.D.F.","description":"Nos actions suivent les recommandations de l'Agence Europ\u00e9enne des droits fondamentaux, ainsi que de d\u00e9cisions de la Commission et du Parlement Europ\u00e9ens.","inLanguage":"en-GB","isPartOf":{"@id":"https:\/\/europeanobsndfr.org\/en\/#website"},"breadcrumb":{"@id":"https:\/\/europeanobsndfr.org\/en\/nos-actions\/#breadcrumblist"},"datePublished":"2015-02-12T11:36:56+01:00","dateModified":"2026-02-13T15:17:45+01:00"},{"@type":"WebSite","@id":"https:\/\/europeanobsndfr.org\/en\/#website","url":"https:\/\/europeanobsndfr.org\/en\/","name":"Observatoire Europ\u00e9en de la Non-Discrimination et des Droits Fondamentaux","description":"Organisation Internationale Non-Gouvernementale","inLanguage":"en-GB","publisher":{"@id":"https:\/\/europeanobsndfr.org\/en\/#organization"}}]},"og:locale":"en_GB","og:site_name":"Observatoire Europ\u00e9en de la Non-Discrimination et des Droits Fondamentaux","og:type":"non_profit","og:title":"Nos Actions | O.E.N.D.D.F.","og:description":"Nos actions suivent les recommandations de l'Agence Europ\u00e9enne des droits fondamentaux, ainsi que de d\u00e9cisions de la Commission et du Parlement Europ\u00e9ens.","og:url":"https:\/\/europeanobsndfr.org\/en\/nos-actions\/","og:image":"https:\/\/europeanobsndfr.org\/wp-content\/uploads\/2016\/11\/logo-oenddf.jpg","og:image:secure_url":"https:\/\/europeanobsndfr.org\/wp-content\/uploads\/2016\/11\/logo-oenddf.jpg","og:image:width":830,"og:image:height":600,"twitter:card":"summary","twitter:site":"@europeanobs","twitter:title":"Nos Actions | O.E.N.D.D.F.","twitter:description":"Nos actions suivent les recommandations de l'Agence Europ\u00e9enne des droits fondamentaux, ainsi que de d\u00e9cisions de la Commission et du Parlement Europ\u00e9ens.","twitter:creator":"@europeanobs","twitter:image":"https:\/\/europeanobsndfr.org\/wp-content\/uploads\/2016\/11\/logo-oenddf.jpg"},"aioseo_meta_data":{"post_id":"5222","title":null,"description":"Nos actions suivent les recommandations de l'Agence Europ\u00e9enne des droits fondamentaux, ainsi que de d\u00e9cisions de la Commission et du Parlement Europ\u00e9ens.","keywords":null,"keyphrases":{"focus":[],"additional":[]},"primary_term":null,"canonical_url":null,"og_title":null,"og_description":null,"og_object_type":"non_profit","og_image_type":"default","og_image_url":null,"og_image_width":null,"og_image_height":null,"og_image_custom_url":null,"og_image_custom_fields":null,"og_video":"","og_custom_url":null,"og_article_section":null,"og_article_tags":null,"twitter_use_og":false,"twitter_card":"summary","twitter_image_type":"default","twitter_image_url":null,"twitter_image_custom_url":null,"twitter_image_custom_fields":null,"twitter_title":null,"twitter_description":null,"schema":{"blockGraphs":[],"customGraphs":[],"default":{"data":{"Article":[],"Course":[],"Dataset":[],"FAQPage":[],"Movie":[],"Person":[],"Product":[],"ProductReview":[],"Car":[],"Recipe":[],"Service":[],"SoftwareApplication":[],"WebPage":[]},"graphName":"Article","isEnabled":true},"graphs":[]},"schema_type":null,"schema_type_options":null,"pillar_content":false,"robots_default":true,"robots_noindex":false,"robots_noarchive":false,"robots_nosnippet":false,"robots_nofollow":false,"robots_noimageindex":false,"robots_noodp":false,"robots_notranslate":false,"robots_max_snippet":"-1","robots_max_videopreview":"-1","robots_max_imagepreview":"large","priority":null,"frequency":"default","local_seo":null,"breadcrumb_settings":null,"limit_modified_date":false,"ai":{"faqs":[],"keyPoints":[],"titles":[],"descriptions":[],"socialPosts":{"email":[],"linkedin":[],"twitter":[],"facebook":[],"instagram":[]}},"created":"2021-01-22 17:40:05","updated":"2026-09-02 16:38:51","focus_keyword":null,"additional_keywords":null,"truseo_locale":null,"seo_analyzer_scan_date":null},"campaignId":"","jetpack-related-posts":[],"jetpack_sharing_enabled":true,"_links":{"self":[{"href":"https:\/\/europeanobsndfr.org\/en\/wp-json\/wp\/v2\/pages\/5222","targetHints":{"allow":["GET"]}}],"collection":[{"href":"https:\/\/europeanobsndfr.org\/en\/wp-json\/wp\/v2\/pages"}],"about":[{"href":"https:\/\/europeanobsndfr.org\/en\/wp-json\/wp\/v2\/types\/page"}],"author":[{"embeddable":true,"href":"https:\/\/europeanobsndfr.org\/en\/wp-json\/wp\/v2\/users\/1"}],"replies":[{"embeddable":true,"href":"https:\/\/europeanobsndfr.org\/en\/wp-json\/wp\/v2\/comments?post=5222"}],"version-history":[{"count":3,"href":"https:\/\/europeanobsndfr.org\/en\/wp-json\/wp\/v2\/pages\/5222\/revisions"}],"predecessor-version":[{"id":18884,"href":"https:\/\/europeanobsndfr.org\/en\/wp-json\/wp\/v2\/pages\/5222\/revisions\/18884"}],"wp:attachment":[{"href":"https:\/\/europeanobsndfr.org\/en\/wp-json\/wp\/v2\/media?parent=5222"}],"curies":[{"name":"wp","href":"https:\/\/api.w.org\/{rel}","templated":true}]}}